{"id":694,"date":"2022-01-10T10:58:22","date_gmt":"2022-01-10T10:58:22","guid":{"rendered":"https:\/\/poiopescamarfs.es\/o-club\/"},"modified":"2024-08-29T08:59:12","modified_gmt":"2024-08-29T06:59:12","slug":"o-club","status":"publish","type":"page","link":"https:\/\/poiopescamarfs.es\/gl\/o-club\/","title":{"rendered":"O Club"},"content":{"rendered":"<p>[et_pb_section fb_built=&#8221;1&#8243; _builder_version=&#8221;4.9.7&#8243; _module_preset=&#8221;default&#8221; background_image=&#8221;https:\/\/poiopescamarfs.es\/wp-content\/uploads\/2022\/03\/Poio-Pescamar-Corporativa-4-El-Club.jpg&#8221; background_size=&#8221;contain&#8221; background_last_edited=&#8221;on|desktop&#8221; background_size_phone=&#8221;cover&#8221;][et_pb_row _builder_version=&#8221;4.9.7&#8243; _module_preset=&#8221;default&#8221;][et_pb_column type=&#8221;4_4&#8243; _builder_version=&#8221;4.9.7&#8243; _module_preset=&#8221;default&#8221;][et_pb_text _builder_version=&#8221;4.9.7&#8243; _module_preset=&#8221;default&#8221; header_font=&#8221;|700|||||||&#8221; header_text_align=&#8221;center&#8221; header_text_color=&#8221;#FFFFFF&#8221; header_font_size=&#8221;50px&#8221; header_font_size_tablet=&#8221;&#8221; header_font_size_phone=&#8221;35px&#8221; header_font_size_last_edited=&#8221;on|phone&#8221;]<\/p>\n<h1>O Club<\/h1>\n<p>[\/et_pb_text][\/et_pb_column][\/et_pb_row][\/et_pb_section][et_pb_section fb_built=&#8221;1&#8243; _builder_version=&#8221;4.9.7&#8243; _module_preset=&#8221;default&#8221;][et_pb_row column_structure=&#8221;1_2,1_2&#8243; make_equal=&#8221;on&#8221; _builder_version=&#8221;4.9.7&#8243; _module_preset=&#8221;default&#8221;][et_pb_column type=&#8221;1_2&#8243; module_class=&#8221;ds-vertical-align&#8221; _builder_version=&#8221;4.9.7&#8243; _module_preset=&#8221;default&#8221;][et_pb_image src=&#8221;https:\/\/poiopescamarfs.es\/wp-content\/uploads\/2021\/11\/Club-de-Futbol-Sala-Poio-Pescamar04.jpg&#8221; alt=&#8221;Club de Futbol Sala Poio Pescamar&#8221; title_text=&#8221;Club-de-Futbol-Sala-Poio-Pescamar04&#8243; align=&#8221;center&#8221; _builder_version=&#8221;4.9.7&#8243; _module_preset=&#8221;default&#8221; custom_margin=&#8221;||||false|false&#8221; custom_margin_phone=&#8221;||||false|false&#8221; custom_margin_last_edited=&#8221;off|desktop&#8221;][\/et_pb_image][\/et_pb_column][et_pb_column type=&#8221;1_2&#8243; module_class=&#8221;ds-vertical-align&#8221; _builder_version=&#8221;4.9.7&#8243; _module_preset=&#8221;default&#8221;][et_pb_text _builder_version=&#8221;4.9.7&#8243; _module_preset=&#8221;default&#8221; text_font=&#8221;||||||||&#8221; header_font=&#8221;|800||on|||||&#8221; header_text_color=&#8221;#D91E25&#8243; header_font_size=&#8221;22px&#8221; header_2_font=&#8221;|700||on|||||&#8221; header_2_text_color=&#8221;#D91E25&#8243; header_2_font_size=&#8221;20px&#8221; header_3_font=&#8221;|700|||||||&#8221; header_3_text_color=&#8221;#AC8923&#8243; header_3_font_size=&#8221;40px&#8221; header_2_font_size_tablet=&#8221;&#8221; header_2_font_size_phone=&#8221;45px&#8221; header_2_font_size_last_edited=&#8221;on|desktop&#8221;]<\/p>\n<h2>Historia do Club<\/h2>\n<h3>Inicios<\/h3>\n<p>No ano 1997, un grupo de amantes do f\u00fatbol sala decidiu crear en Combarro un proxecto diferente que servira para que as rapazas do municipio puideran practicar esa disciplina.<\/p>\n<p>Nac\u00eda as\u00ed o Ateneo Combarro, que co paso do tempo converteuse na principal referencia da provincia e que actualmente conta con unha ampla estrutura. <\/p>\n<p>O 1 de Agosto de 1997 escrib\u00edronse as primeiras li\u00f1as dunha historia que a\u00ednda hoxe se completa por cap\u00edtulos. Juanjo Garc\u00eda erixiuse no \u201carquitecto\u201d dun proxecto que co paso dos anos converteuse nunha aut\u00e9ntica referencia, nun modelo. Xunto con Vicente, outro dos fundadores do club poiense, e con s\u00f3 15.000 pesetas de ent\u00f3n, puxeron en funcionamento o Club.[\/et_pb_text][\/et_pb_column][\/et_pb_row][et_pb_row column_structure=&#8221;1_2,1_2&#8243; make_equal=&#8221;on&#8221; _builder_version=&#8221;4.9.7&#8243; _module_preset=&#8221;default&#8221;][et_pb_column type=&#8221;1_2&#8243; module_class=&#8221;ds-vertical-align&#8221; _builder_version=&#8221;4.9.7&#8243; _module_preset=&#8221;default&#8221;][et_pb_text _builder_version=&#8221;4.9.7&#8243; _module_preset=&#8221;default&#8221; text_font=&#8221;||||||||&#8221; header_font=&#8221;|800||on|||||&#8221; header_text_color=&#8221;#D91E25&#8243; header_font_size=&#8221;22px&#8221; header_2_font=&#8221;|700||on|||||&#8221; header_2_text_color=&#8221;#D91E25&#8243; header_2_font_size=&#8221;20px&#8221; header_3_font=&#8221;|700|||||||&#8221; header_3_text_color=&#8221;#AC8923&#8243; header_3_font_size=&#8221;40px&#8221; text_orientation=&#8221;right&#8221; header_2_font_size_tablet=&#8221;&#8221; header_2_font_size_phone=&#8221;45px&#8221; header_2_font_size_last_edited=&#8221;on|desktop&#8221;]<\/p>\n<h2>Historia do Club<\/h2>\n<h3>Club Ateneo Combarro<\/h3>\n<p>O Ateneo Combarro, como un dos pioneiros do f\u00fatbol sala feminino, involucrouse no ver\u00e1n de 1997 na que foi a primeira competici\u00f3n feminina da comarca pontevedresa, auspiciada por Asfusa, que significou un punto de inflexi\u00f3n nun deporte que viviu un aut\u00e9ntico boom no n\u00famero de practicantes. Dous anos despois da fundaci\u00f3n, Juanjo e Vicente armaron os primeiros equipos da base, mentres o primeiro equipo segu\u00eda constru\u00edndo a s\u00faa historia.<\/p>\n<p>Abriuse o cami\u00f1o. Na posta de longo ante a sociedade futsaleira da comarca, o Club Ateneo Combarro adxudicouse o subcampionato ligueiro ao caer derrotado no \u00faltimo encontro do play off polo t\u00edtulo na sempre fat\u00eddica quenda de penaltis. Non obstante, as rapazas de Poio redim\u00edronse na Copa Deputaci\u00f3n ao vencer na final por penaltis. Primeiro t\u00edtulo \u00e1 vitrina. Logo chegaron tempos dif\u00edciles, nos que a entidade tivo que empezar desde cero, pero ano tras ano foron superando as dificultades ata que en 2008 lograron o ansiado ascenso a Divisi\u00f3n de prata. No seu primeiro ano nesta categor\u00eda, Juanjo afirmaba \u201c\u00e9 un orgullo ir levando o nome de Combarro e Poio pola Pen\u00ednsula, pero o que m\u00e1is nos reconforta \u00e9 a xente que nos para pola r\u00faa para felicitarnos\u201d.[\/et_pb_text][\/et_pb_column][et_pb_column type=&#8221;1_2&#8243; module_class=&#8221;ds-vertical-align&#8221; _builder_version=&#8221;4.9.7&#8243; _module_preset=&#8221;default&#8221;][et_pb_image src=&#8221;https:\/\/poiopescamarfs.es\/wp-content\/uploads\/2021\/10\/futbol-sala-poio-pescamar5.jpg&#8221; alt=&#8221;Club de Futbol Sala Poio Pescamar&#8221; title_text=&#8221;Club de Futbol Sala Poio Pescamar&#8221; align=&#8221;center&#8221; _builder_version=&#8221;4.9.7&#8243; _module_preset=&#8221;default&#8221; custom_margin=&#8221;||||false|false&#8221; custom_margin_phone=&#8221;||||false|false&#8221; custom_margin_last_edited=&#8221;off|desktop&#8221;][\/et_pb_image][\/et_pb_column][\/et_pb_row][et_pb_row column_structure=&#8221;1_2,1_2&#8243; make_equal=&#8221;on&#8221; _builder_version=&#8221;4.9.7&#8243; _module_preset=&#8221;default&#8221;][et_pb_column type=&#8221;1_2&#8243; module_class=&#8221;ds-vertical-align&#8221; _builder_version=&#8221;4.9.7&#8243; _module_preset=&#8221;default&#8221;][et_pb_image src=&#8221;https:\/\/poiopescamarfs.es\/wp-content\/uploads\/2021\/11\/Club-de-Futbol-Sala-Poio-Pescamar03.jpg&#8221; alt=&#8221;Club de Futbol Sala Poio Pescamar&#8221; title_text=&#8221;Club-de-Futbol-Sala-Poio-Pescamar03&#8243; align=&#8221;center&#8221; _builder_version=&#8221;4.9.7&#8243; _module_preset=&#8221;default&#8221; custom_margin=&#8221;||||false|false&#8221; custom_margin_phone=&#8221;||||false|false&#8221; custom_margin_last_edited=&#8221;off|desktop&#8221;][\/et_pb_image][\/et_pb_column][et_pb_column type=&#8221;1_2&#8243; module_class=&#8221;ds-vertical-align&#8221; _builder_version=&#8221;4.9.7&#8243; _module_preset=&#8221;default&#8221;][et_pb_text _builder_version=&#8221;4.9.7&#8243; _module_preset=&#8221;default&#8221; text_font=&#8221;||||||||&#8221; header_font=&#8221;|800||on|||||&#8221; header_text_color=&#8221;#D91E25&#8243; header_font_size=&#8221;22px&#8221; header_2_font=&#8221;|700||on|||||&#8221; header_2_text_color=&#8221;#D91E25&#8243; header_2_font_size=&#8221;20px&#8221; header_3_font=&#8221;|700|||||||&#8221; header_3_text_color=&#8221;#AC8923&#8243; header_3_font_size=&#8221;40px&#8221; hover_enabled=&#8221;0&#8243; header_2_font_size_tablet=&#8221;&#8221; header_2_font_size_phone=&#8221;45px&#8221; header_2_font_size_last_edited=&#8221;on|desktop&#8221; sticky_enabled=&#8221;0&#8243;]<\/p>\n<h2>Historia do Club<\/h2>\n<h3>Nacemento de Poio FS<\/h3>\n<p>O que a\u00ednda non nos imaxin\u00e1bamos era o que lograr\u00edamos poucos anos despois. En 2010, cambiamos de nome e pasamos a ser o Poio FS, adaptando o escudo do concello. Os resultados en Segunda Divisi\u00f3n non fixeron m\u00e1is que mellorar e na tempada 2012 \/ 2013 disputamos a fase de ascenso, alcanzando a m\u00e1xima categor\u00eda do f\u00fatbol sala feminino tras eliminar ao Rub\u00ed FS.<\/p>\n<p>Desde ent\u00f3n, levamos doce campa\u00f1as consecutivas en Primeira Divisi\u00f3n, sempre entre as oito mellores. Nas tempadas 2022\/2023 e 2023\/2024 xogamos os nosos primeiros playoffs polo t\u00edtulo. Ademais, conseguimos 4 Copas Galicia, as\u00ed como 1 subcampi\u00f3n de Copa da Ra\u00ed\u00f1a e dous subcampi\u00f3ns da Supercopa de Espa\u00f1a.<\/p>\n<p>[\/et_pb_text][\/et_pb_column][\/et_pb_row][et_pb_row column_structure=&#8221;1_2,1_2&#8243; make_equal=&#8221;on&#8221; _builder_version=&#8221;4.9.7&#8243; _module_preset=&#8221;default&#8221;][et_pb_column type=&#8221;1_2&#8243; module_class=&#8221;ds-vertical-align&#8221; _builder_version=&#8221;4.9.7&#8243; _module_preset=&#8221;default&#8221;][et_pb_text _builder_version=&#8221;4.9.7&#8243; _module_preset=&#8221;default&#8221; text_font=&#8221;||||||||&#8221; header_font=&#8221;|800||on|||||&#8221; header_text_color=&#8221;#D91E25&#8243; header_font_size=&#8221;22px&#8221; header_2_font=&#8221;|700||on|||||&#8221; header_2_text_color=&#8221;#D91E25&#8243; header_2_font_size=&#8221;20px&#8221; header_3_font=&#8221;|700|||||||&#8221; header_3_text_color=&#8221;#AC8923&#8243; header_3_font_size=&#8221;40px&#8221; text_orientation=&#8221;right&#8221; header_2_font_size_tablet=&#8221;&#8221; header_2_font_size_phone=&#8221;45px&#8221; header_2_font_size_last_edited=&#8221;on|desktop&#8221;]<\/p>\n<h2>Historia do Club<\/h2>\n<h3>Actualidade<\/h3>\n<p>O pavill\u00f3n de A Seca \u00e9nchese cada fin de semana para alentar \u00e1s mozas, un exemplo para moitas afecci\u00f3ns da provincia. Nalg\u00fans partidos, o aforo quedase curto para albergar a tanta xente. \u00c9 un motivo de orgullo para os seus paisanos. Converteuse nunha referencia deste deporte en Galicia grazas a un grupo de persoas que loitaron por facer realidade os seus so\u00f1os e os de todas aquelas que te\u00f1en esta disciplina como afecci\u00f3n.<\/p>\n<p>\u00c9xitos aparte, o m\u00e1is importante do Poio FS \u00e9 o seu traballo en prol do deporte. Desde hai varios anos, vis\u00edtanse os colexios de Poio para captar xogadoras\/\u00e9 e informar os nenos e nenas sobre o club e sobre o f\u00fatbol salga en xeral. O respaldo do Concello de Poio, do seu principal patrocinador ( Pescamar) e de empresas como Deputaci\u00f3n de Pontevedra, Galicia, Deporte Galego, Diario de Pontevedra, fan que aquel so\u00f1o que comezou hai tantos anos sexa unha extraordinaria realidade.<\/p>\n<p>[\/et_pb_text][\/et_pb_column][et_pb_column type=&#8221;1_2&#8243; module_class=&#8221;ds-vertical-align&#8221; _builder_version=&#8221;4.9.7&#8243; _module_preset=&#8221;default&#8221;][et_pb_image src=&#8221;https:\/\/poiopescamarfs.es\/wp-content\/uploads\/2021\/11\/Club-de-Futbol-Sala-Poio-Pescamar08.jpg&#8221; alt=&#8221;Club de Futbol Sala Poio Pescamar&#8221; title_text=&#8221;Club-de-Futbol-Sala-Poio-Pescamar08&#8243; align=&#8221;center&#8221; _builder_version=&#8221;4.9.7&#8243; _module_preset=&#8221;default&#8221; custom_margin=&#8221;||||false|false&#8221; custom_margin_phone=&#8221;||||false|false&#8221; custom_margin_last_edited=&#8221;off|desktop&#8221;][\/et_pb_image][\/et_pb_column][\/et_pb_row][\/et_pb_section][et_pb_section fb_built=&#8221;1&#8243; _builder_version=&#8221;4.9.7&#8243; _module_preset=&#8221;default&#8221; custom_margin=&#8221;0px||||false|false&#8221; custom_padding=&#8221;0px||||false|false&#8221;][et_pb_row column_structure=&#8221;1_4,1_4,1_4,1_4&#8243; _builder_version=&#8221;4.9.7&#8243; _module_preset=&#8221;default&#8221;][et_pb_column type=&#8221;1_4&#8243; _builder_version=&#8221;4.9.7&#8243; _module_preset=&#8221;default&#8221;][et_pb_blurb title=&#8221;Palmar\u00e9s&#8221; use_icon=&#8221;on&#8221; font_icon=&#8221;%%169%%&#8221; icon_color=&#8221;#D91E25&#8243; icon_alignment=&#8221;left&#8221; use_icon_font_size=&#8221;on&#8221; icon_font_size=&#8221;50px&#8221; _builder_version=&#8221;4.9.7&#8243; _module_preset=&#8221;default&#8221; header_font=&#8221;|700|||||||&#8221; header_text_color=&#8221;#AC8923&#8243; header_font_size=&#8221;24px&#8221; header_line_height=&#8221;1.2em&#8221; body_font_size=&#8221;16px&#8221; body_line_height=&#8221;1.4em&#8221;]<\/p>\n<ul>\n<li><strong>Campioas<\/strong>:\n<ul>\n<li>XI Copa Galicia (2017)<\/li>\n<li>XII Copa Galicia (2018)<\/li>\n<li>XV Copa Galicia (2022)<\/li>\n<li>XV Copa Galicia (2024)<\/li>\n<\/ul>\n<\/li>\n<li><strong>Subcampioas da Copa da Ra\u00ed\u00f1a<\/strong> na tempada 2019\/2020.<\/li>\n<li><strong>Subcampioas da Supercopa de Espa\u00f1a<\/strong> na tempada 2020\/2021 e 2023\/2024.<\/li>\n<li>Nomeado <strong>mellor club galego de F\u00fatbol Sala<\/strong> en 2015<\/li>\n<li><strong>Afecci\u00f3n<\/strong> nomeada como a mellor de Espa\u00f1a en 2013.<\/li>\n<\/ul>\n<p>[\/et_pb_blurb][\/et_pb_column][et_pb_column type=&#8221;1_4&#8243; _builder_version=&#8221;4.9.7&#8243; _module_preset=&#8221;default&#8221;][et_pb_blurb title=&#8221;Reco\u00f1ecementos canteira&#8221; use_icon=&#8221;on&#8221; font_icon=&#8221;%%111%%&#8221; icon_color=&#8221;#D91E25&#8243; icon_alignment=&#8221;left&#8221; use_icon_font_size=&#8221;on&#8221; icon_font_size=&#8221;50px&#8221; _builder_version=&#8221;4.9.7&#8243; _module_preset=&#8221;default&#8221; header_font=&#8221;|700|||||||&#8221; header_text_color=&#8221;#AC8923&#8243; header_font_size=&#8221;24px&#8221; header_line_height=&#8221;1.2em&#8221; body_font_size=&#8221;16px&#8221; body_line_height=&#8221;1.4em&#8221;]<\/p>\n<ul>\n<li><strong>Cadete feminino<\/strong> campi\u00f3n de Espa\u00f1a en 2013, 2014, 2015 e 2016.<\/li>\n<li><strong>Infantil feminino<\/strong> campi\u00f3n de Espa\u00f1a en 2014 e 2015.<\/li>\n<\/ul>\n<p>[\/et_pb_blurb][\/et_pb_column][et_pb_column type=&#8221;1_4&#8243; _builder_version=&#8221;4.9.7&#8243; _module_preset=&#8221;default&#8221;][et_pb_blurb title=&#8221;Eventos importantes&#8221; use_icon=&#8221;on&#8221; font_icon=&#8221;%%128%%&#8221; icon_color=&#8221;#D91E25&#8243; icon_alignment=&#8221;left&#8221; use_icon_font_size=&#8221;on&#8221; icon_font_size=&#8221;50px&#8221; _builder_version=&#8221;4.9.7&#8243; _module_preset=&#8221;default&#8221; header_font=&#8221;|700|||||||&#8221; header_text_color=&#8221;#AC8923&#8243; header_font_size=&#8221;24px&#8221; header_line_height=&#8221;1.2em&#8221; body_font_size=&#8221;16px&#8221; body_line_height=&#8221;1.4em&#8221;]<\/p>\n<p><strong>Organizador da XXIII Copa de Espa\u00f1a feminina de f\u00fatbol sala<\/strong> (celebrada entre o 9 e o 11 de xu\u00f1o).<\/p>\n<p>[\/et_pb_blurb][\/et_pb_column][et_pb_column type=&#8221;1_4&#8243; _builder_version=&#8221;4.9.7&#8243; _module_preset=&#8221;default&#8221;][et_pb_blurb title=&#8221;Partido Internacional F\u00fatbol Sala Feminino \u2013 Espa\u00f1a VS Portugal&#8221; use_icon=&#8221;on&#8221; font_icon=&#8221;%%116%%&#8221; icon_color=&#8221;#D91E25&#8243; icon_alignment=&#8221;left&#8221; use_icon_font_size=&#8221;on&#8221; icon_font_size=&#8221;50px&#8221; _builder_version=&#8221;4.9.7&#8243; _module_preset=&#8221;default&#8221; header_font=&#8221;|700|||||||&#8221; header_text_color=&#8221;#AC8923&#8243; header_font_size=&#8221;24px&#8221; header_line_height=&#8221;1.2em&#8221; body_font_size=&#8221;16px&#8221; body_line_height=&#8221;1.4em&#8221;]<\/p>\n<p><strong>I Torneo Conservas Pescamar<\/strong><br \/>O club organizou, por delegaci\u00f3n da FGF e da RFEF, unha concentraci\u00f3n da selecci\u00f3n espa\u00f1ola feminina absoluta de f\u00fatbol sala, que tivo lugar entre o 16 e o 19 de outubro de 2016, no pavill\u00f3n municipal de A Seca, e que serviu de preparaci\u00f3n para a disputa do Torneo Catro Naci\u00f3ns Europeo que se celebrou en decembro en Castela-A Mancha. Xunt\u00e1ronse en Espa\u00f1a e Portugal e disputaron un partido.<\/p>\n<p>[\/et_pb_blurb][\/et_pb_column][\/et_pb_row][\/et_pb_section]<\/p>\n","protected":false},"excerpt":{"rendered":"<p>[et_pb_section fb_built=&#8221;1&#8243; _builder_version=&#8221;4.9.7&#8243; _module_preset=&#8221;default&#8221; background_image=&#8221;https:\/\/poiopescamarfs.es\/wp-content\/uploads\/2022\/03\/Poio-Pescamar-Corporativa-4-El-Club.jpg&#8221; background_size=&#8221;contain&#8221; background_last_edited=&#8221;on|desktop&#8221; background_size_phone=&#8221;cover&#8221;][et_pb_row _builder_version=&#8221;4.9.7&#8243; _module_preset=&#8221;default&#8221;][et_pb_column type=&#8221;4_4&#8243; _builder_version=&#8221;4.9.7&#8243; _module_preset=&#8221;default&#8221;][et_pb_text _builder_version=&#8221;4.9.7&#8243; _module_preset=&#8221;default&#8221; header_font=&#8221;|700|||||||&#8221; header_text_align=&#8221;center&#8221; header_text_color=&#8221;#FFFFFF&#8221; header_font_size=&#8221;50px&#8221; header_font_size_tablet=&#8221;&#8221; header_font_size_phone=&#8221;35px&#8221; header_font_size_last_edited=&#8221;on|phone&#8221;] O Club [\/et_pb_text][\/et_pb_column][\/et_pb_row][\/et_pb_section][et_pb_section fb_built=&#8221;1&#8243; _builder_version=&#8221;4.9.7&#8243; _module_preset=&#8221;default&#8221;][et_pb_row column_structure=&#8221;1_2,1_2&#8243; make_equal=&#8221;on&#8221; _builder_version=&#8221;4.9.7&#8243; _module_preset=&#8221;default&#8221;][et_pb_column type=&#8221;1_2&#8243; module_class=&#8221;ds-vertical-align&#8221; _builder_version=&#8221;4.9.7&#8243; _module_preset=&#8221;default&#8221;][et_pb_image src=&#8221;https:\/\/poiopescamarfs.es\/wp-content\/uploads\/2021\/11\/Club-de-Futbol-Sala-Poio-Pescamar04.jpg&#8221; alt=&#8221;Club de Futbol Sala Poio Pescamar&#8221; title_text=&#8221;Club-de-Futbol-Sala-Poio-Pescamar04&#8243; align=&#8221;center&#8221; _builder_version=&#8221;4.9.7&#8243; _module_preset=&#8221;default&#8221; custom_margin=&#8221;||||false|false&#8221; custom_margin_phone=&#8221;||||false|false&#8221; custom_margin_last_edited=&#8221;off|desktop&#8221;][\/et_pb_image][\/et_pb_column][et_pb_column type=&#8221;1_2&#8243; module_class=&#8221;ds-vertical-align&#8221; _builder_version=&#8221;4.9.7&#8243; _module_preset=&#8221;default&#8221;][et_pb_text _builder_version=&#8221;4.9.7&#8243; [&hellip;]<\/p>\n","protected":false},"author":1,"featured_media":0,"parent":0,"menu_order":0,"comment_status":"closed","ping_status":"closed","template":"","meta":{"_et_pb_use_builder":"on","_et_pb_old_content":"","_et_gb_content_width":""},"yoast_head":"<!-- This site is optimized with the Yoast SEO plugin v16.1.1 - https:\/\/yoast.com\/wordpress\/plugins\/seo\/ -->\n<title>O Club - Poio Pescamar FS<\/title>\n<link rel=\"canonical\" href=\"https:\/\/poiopescamarfs.es\/gl\/o-club\/\" \/>\n<meta property=\"og:locale\" content=\"gl_ES\" \/>\n<meta property=\"og:type\" content=\"article\" \/>\n<meta property=\"og:title\" content=\"O Club - Poio Pescamar FS\" \/>\n<meta property=\"og:description\" content=\"[et_pb_section fb_built=&#8221;1&#8243; _builder_version=&#8221;4.9.7&#8243; _module_preset=&#8221;default&#8221; background_image=&#8221;https:\/\/poiopescamarfs.es\/wp-content\/uploads\/2022\/03\/Poio-Pescamar-Corporativa-4-El-Club.jpg&#8221; background_size=&#8221;contain&#8221; background_last_edited=&#8221;on|desktop&#8221; background_size_phone=&#8221;cover&#8221;][et_pb_row _builder_version=&#8221;4.9.7&#8243; _module_preset=&#8221;default&#8221;][et_pb_column type=&#8221;4_4&#8243; _builder_version=&#8221;4.9.7&#8243; _module_preset=&#8221;default&#8221;][et_pb_text _builder_version=&#8221;4.9.7&#8243; _module_preset=&#8221;default&#8221; header_font=&#8221;|700|||||||&#8221; header_text_align=&#8221;center&#8221; header_text_color=&#8221;#FFFFFF&#8221; header_font_size=&#8221;50px&#8221; header_font_size_tablet=&#8221;&#8221; header_font_size_phone=&#8221;35px&#8221; header_font_size_last_edited=&#8221;on|phone&#8221;] O Club [\/et_pb_text][\/et_pb_column][\/et_pb_row][\/et_pb_section][et_pb_section fb_built=&#8221;1&#8243; _builder_version=&#8221;4.9.7&#8243; _module_preset=&#8221;default&#8221;][et_pb_row column_structure=&#8221;1_2,1_2&#8243; make_equal=&#8221;on&#8221; _builder_version=&#8221;4.9.7&#8243; _module_preset=&#8221;default&#8221;][et_pb_column type=&#8221;1_2&#8243; module_class=&#8221;ds-vertical-align&#8221; _builder_version=&#8221;4.9.7&#8243; _module_preset=&#8221;default&#8221;][et_pb_image src=&#8221;https:\/\/poiopescamarfs.es\/wp-content\/uploads\/2021\/11\/Club-de-Futbol-Sala-Poio-Pescamar04.jpg&#8221; alt=&#8221;Club de Futbol Sala Poio Pescamar&#8221; title_text=&#8221;Club-de-Futbol-Sala-Poio-Pescamar04&#8243; align=&#8221;center&#8221; _builder_version=&#8221;4.9.7&#8243; _module_preset=&#8221;default&#8221; custom_margin=&#8221;||||false|false&#8221; custom_margin_phone=&#8221;||||false|false&#8221; custom_margin_last_edited=&#8221;off|desktop&#8221;][\/et_pb_image][\/et_pb_column][et_pb_column type=&#8221;1_2&#8243; module_class=&#8221;ds-vertical-align&#8221; _builder_version=&#8221;4.9.7&#8243; _module_preset=&#8221;default&#8221;][et_pb_text _builder_version=&#8221;4.9.7&#8243; [&hellip;]\" \/>\n<meta property=\"og:url\" content=\"https:\/\/poiopescamarfs.es\/gl\/o-club\/\" \/>\n<meta property=\"og:site_name\" content=\"Poio Pescamar FS\" \/>\n<meta property=\"article:modified_time\" content=\"2024-08-29T06:59:12+00:00\" \/>\n<meta name=\"twitter:card\" content=\"summary_large_image\" \/>\n<meta name=\"twitter:label1\" content=\"Tempo de lectura\">\n\t<meta name=\"twitter:data1\" content=\"9 minutos\">\n<script type=\"application\/ld+json\" class=\"yoast-schema-graph\">{\"@context\":\"https:\/\/schema.org\",\"@graph\":[{\"@type\":\"WebSite\",\"@id\":\"https:\/\/poiopescamarfs.es\/#website\",\"url\":\"https:\/\/poiopescamarfs.es\/\",\"name\":\"Poio Pescamar FS\",\"description\":\"\",\"potentialAction\":[{\"@type\":\"SearchAction\",\"target\":\"https:\/\/poiopescamarfs.es\/?s={search_term_string}\",\"query-input\":\"required name=search_term_string\"}],\"inLanguage\":\"gl-ES\"},{\"@type\":\"WebPage\",\"@id\":\"https:\/\/poiopescamarfs.es\/gl\/o-club\/#webpage\",\"url\":\"https:\/\/poiopescamarfs.es\/gl\/o-club\/\",\"name\":\"O Club - Poio Pescamar FS\",\"isPartOf\":{\"@id\":\"https:\/\/poiopescamarfs.es\/#website\"},\"datePublished\":\"2022-01-10T10:58:22+00:00\",\"dateModified\":\"2024-08-29T06:59:12+00:00\",\"breadcrumb\":{\"@id\":\"https:\/\/poiopescamarfs.es\/gl\/o-club\/#breadcrumb\"},\"inLanguage\":\"gl-ES\",\"potentialAction\":[{\"@type\":\"ReadAction\",\"target\":[\"https:\/\/poiopescamarfs.es\/gl\/o-club\/\"]}]},{\"@type\":\"BreadcrumbList\",\"@id\":\"https:\/\/poiopescamarfs.es\/gl\/o-club\/#breadcrumb\",\"itemListElement\":[{\"@type\":\"ListItem\",\"position\":1,\"item\":{\"@type\":\"WebPage\",\"@id\":\"https:\/\/poiopescamarfs.es\/gl\/\",\"url\":\"https:\/\/poiopescamarfs.es\/gl\/\",\"name\":\"Home\"}},{\"@type\":\"ListItem\",\"position\":2,\"item\":{\"@type\":\"WebPage\",\"@id\":\"https:\/\/poiopescamarfs.es\/gl\/o-club\/\",\"url\":\"https:\/\/poiopescamarfs.es\/gl\/o-club\/\",\"name\":\"O Club\"}}]}]}<\/script>\n<!-- \/ Yoast SEO plugin. -->","_links":{"self":[{"href":"https:\/\/poiopescamarfs.es\/gl\/wp-json\/wp\/v2\/pages\/694"}],"collection":[{"href":"https:\/\/poiopescamarfs.es\/gl\/wp-json\/wp\/v2\/pages"}],"about":[{"href":"https:\/\/poiopescamarfs.es\/gl\/wp-json\/wp\/v2\/types\/page"}],"author":[{"embeddable":true,"href":"https:\/\/poiopescamarfs.es\/gl\/wp-json\/wp\/v2\/users\/1"}],"replies":[{"embeddable":true,"href":"https:\/\/poiopescamarfs.es\/gl\/wp-json\/wp\/v2\/comments?post=694"}],"version-history":[{"count":13,"href":"https:\/\/poiopescamarfs.es\/gl\/wp-json\/wp\/v2\/pages\/694\/revisions"}],"predecessor-version":[{"id":5168,"href":"https:\/\/poiopescamarfs.es\/gl\/wp-json\/wp\/v2\/pages\/694\/revisions\/5168"}],"wp:attachment":[{"href":"https:\/\/poiopescamarfs.es\/gl\/wp-json\/wp\/v2\/media?parent=694"}],"curies":[{"name":"wp","href":"https:\/\/api.w.org\/{rel}","templated":true}]}}